{"id":31875,"date":"2026-02-17T11:30:29","date_gmt":"2026-02-17T10:30:29","guid":{"rendered":"https:\/\/www.salinen.com\/shop\/?post_type=product&#038;p=31875"},"modified":"2026-04-16T08:19:16","modified_gmt":"2026-04-16T06:19:16","slug":"kochbuch-4-jahreszeiten-mit-bad-ischler","status":"publish","type":"product","link":"https:\/\/www.salinen.com\/shop\/de\/produkt\/kochbuch-4-jahreszeiten-mit-bad-ischler\/","title":{"rendered":"Kochbuch 4 Jahreszeiten mit BAD ISCHLER"},"content":{"rendered":"<div class=\"ms-outlook-mobile-reference-message skipProofing\" dir=\"ltr\">\n<p>Seit Generationen ist BAD ISCHLER \u00a0\u00d6sterreichs liebstes Salz und in beinahe jeder K\u00fcche ein treuer Begleiter beim Kochen. Egal f\u00fcr welchen Anlass, wir haben immer das richtige Salz \u2013 und mit diesem Kochbuch auch das richtige Rezept!<\/p>\n<p>4 Jahreszeiten mit BAD ISCHLER ist als praktischer und robuster Stehkalender konzipiert und ist durch sein Jahreszeiten-Register unkompliziert im Umgang. Die Rezeptseiten sind unbehandelt und lassen sich gut mit eigenen Notizen beschriften. Die insgesamt 33 Rezepte reichen von bew\u00e4hrten Klassikern in vegetarischer Ausf\u00fchrung \u00fcber Tipps und Tricks f\u00fcr die schnelle und gesunde K\u00fcche bis hin zu exklusiven Genussrezepten f\u00fcr besondere Momente.<\/p>\n<\/div>\n<div class=\"ms-outlook-mobile-reference-message skipProofing\" dir=\"ltr\">\n<p>Zu unserem Sortiment geh\u00f6ren nicht nur die altbew\u00e4hrten Klassiker wie das BAD ISCHLER Tafelsalz oder das BAD ISCHLER Kristallsalz in der praktischen Dose, sondern auch einzigartige Salzspezialit\u00e4ten: BAD ISCHLER Natursalz ist Salz in seiner urspr\u00fcnglichen Form und wird in \u00d6sterreichs einzigem Natursalz-Abbau im Altausseer Sandling nach alter Bergmannstradition im Trockenabbau gewonnen. Es ist naturbelassen, ohne jegliche Zus\u00e4tze. Ausnahmen machen wir nur bei ausgew\u00e4hlten Kr\u00e4utern, Bl\u00fcten und Gew\u00fcrzen aus biologischem Anbau: BAD ISCHLER Natursalz Gem\u00fcse &amp; Garten, BAD ISCHLER Natursalz Blumen &amp; Beete, BAD ISCHLER Natursalz Kr\u00e4uter &amp; Meer sowie BAD ISCHLER Natursalz Knolle &amp; Kraut.<\/p>\n<p>Mit BAD ISCHLER Salzzart haben wir ein weiteres, sehr besonderes Gourmetsalz im Sortiment, das aus fein-knusprigen Salzflocken besteht und vor allem in der Spitzengastronomie aufgrund seines milden Geschmacks sehr beliebt ist. BAD ISCHLER Salzzart entsteht in der Salz-Manufaktur am D\u00fcrrnberg bei Hallein und wird handgesch\u00f6pft.<\/p>\n<\/div>\n","protected":false},"excerpt":{"rendered":"<h2>4 Jahreszeiten Kochbuch mit BAD ISCHLER<\/h2>\n<p>Ein vegetarisches Kochbuch f\u00fcr die praktische Alltagsk\u00fcche und besondere Genussmomente<\/p>\n<ul>\n<li><strong>33 vegetarische und vegane Rezepte f\u00fcr jeden Kochanlass und jede Jahreszeit<\/strong><\/li>\n<li><strong>praktischer Rezepte-Stehkalender mit Registern nach Jahreszeiten\u00a0<\/strong><\/li>\n<li><strong>Robust und praktisch beim Einsatz in der K\u00fcche <\/strong><\/li>\n<li><strong>mit interessanten Einblicken in die Produktion von BAD ISCHLER Salzzart und den Abbau von BAD ISCHLER Natursalz<\/strong><\/li>\n<\/ul>\n","protected":false},"featured_media":31877,"comment_status":"open","ping_status":"closed","template":"","meta":[],"product_cat":[26,236],"product_tag":[],"_links":{"self":[{"href":"https:\/\/www.salinen.com\/shop\/de\/wp-json\/wp\/v2\/product\/31875"}],"collection":[{"href":"https:\/\/www.salinen.com\/shop\/de\/wp-json\/wp\/v2\/product"}],"about":[{"href":"https:\/\/www.salinen.com\/shop\/de\/wp-json\/wp\/v2\/types\/product"}],"replies":[{"embeddable":true,"href":"https:\/\/www.salinen.com\/shop\/de\/wp-json\/wp\/v2\/comments?post=31875"}],"version-history":[{"count":9,"href":"https:\/\/www.salinen.com\/shop\/de\/wp-json\/wp\/v2\/product\/31875\/revisions"}],"predecessor-version":[{"id":32245,"href":"https:\/\/www.salinen.com\/shop\/de\/wp-json\/wp\/v2\/product\/31875\/revisions\/32245"}],"wp:featuredmedia":[{"embeddable":true,"href":"https:\/\/www.salinen.com\/shop\/de\/wp-json\/wp\/v2\/media\/31877"}],"wp:attachment":[{"href":"https:\/\/www.salinen.com\/shop\/de\/wp-json\/wp\/v2\/media?parent=31875"}],"wp:term":[{"taxonomy":"product_cat","embeddable":true,"href":"https:\/\/www.salinen.com\/shop\/de\/wp-json\/wp\/v2\/product_cat?post=31875"},{"taxonomy":"product_tag","embeddable":true,"href":"https:\/\/www.salinen.com\/shop\/de\/wp-json\/wp\/v2\/product_tag?post=31875"}],"curies":[{"name":"wp","href":"https:\/\/api.w.org\/{rel}","templated":true}]}}