{"id":1072,"date":"2021-11-16T13:14:06","date_gmt":"2021-11-16T12:14:06","guid":{"rendered":"https:\/\/www.salinen.com\/woo\/produkt\/bad-ischler-menage-kristallsalz-bunter-pfeffer-130g\/"},"modified":"2025-05-26T08:09:25","modified_gmt":"2025-05-26T06:09:25","slug":"bad-ischler-menage-130g","status":"publish","type":"product","link":"https:\/\/www.salinen.com\/shop\/de\/produkt\/bad-ischler-menage-130g\/","title":{"rendered":"BAD ISCHLER Menage 130g"},"content":{"rendered":"<p>Unsere <strong>BAD ISCHLER Holzmenage<\/strong> beinhaltet <strong>zwei hochwertige, wiederbef\u00fcllbare Glasm\u00fchlen<\/strong> bef\u00fcllt mit reinstem unjodierten BAD ISCHLER Kristallsalz direkt aus den \u00f6sterreichischen Alpen und bunten Pfeffer.<\/p>\n<p>Unser Siedesalz stammt zu 100 % aus \u00d6sterreich und wird auch hier produziert.<\/p>\n<p><strong class=\"blueheadline\">SALZWEISHEITEN<\/strong><br \/>\nDie Kunst des Salzsiedens blickt in Ebensee auf eine lange Tradition zur\u00fcck. Die ersten Pfannen gab es in Ebensee bereits im 16. Jahrhundert. 1595 wurde daf\u00fcr die Soleleitung \u2013 die erste Pipeline der Welt \u2013 von Ischl und Hallstatt nach Ebensee gebaut.<\/p>\n","protected":false},"excerpt":{"rendered":"<h2>Glasm\u00fchlen mit unjodierten Kristallsalz &amp; bunten Pfeffer<\/h2>\n<p>&nbsp;<\/p>\n<p>Edle Holzmenage mit hochwertigen, wiederbef\u00fcllbaren Glasm\u00fchlen f\u00fcr Salz &amp; Pfeffer<\/p>\n<ul>\n<li><strong>unjodiert &amp; grobk\u00f6rnig<\/strong><\/li>\n<li><strong>in der M\u00fchle mit hochwertigem Keramikmahlwerk<\/strong><\/li>\n<li><strong>geeignet zum Kochen &amp; Verfeinern<\/strong><\/li>\n<li><strong>geeignet zum Fermentieren und Haltbarmachen<\/strong><\/li>\n<li><strong>vom Berg besch\u00fctzt und bewahrt<\/strong><\/li>\n<li><strong>schonend gef\u00f6rdert und sorgsam verarbeitet in \u00d6sterreich<\/strong><\/li>\n<\/ul>\n","protected":false},"featured_media":6323,"comment_status":"open","ping_status":"closed","template":"","meta":[],"product_cat":[24,27],"product_tag":[],"_links":{"self":[{"href":"https:\/\/www.salinen.com\/shop\/de\/wp-json\/wp\/v2\/product\/1072"}],"collection":[{"href":"https:\/\/www.salinen.com\/shop\/de\/wp-json\/wp\/v2\/product"}],"about":[{"href":"https:\/\/www.salinen.com\/shop\/de\/wp-json\/wp\/v2\/types\/product"}],"replies":[{"embeddable":true,"href":"https:\/\/www.salinen.com\/shop\/de\/wp-json\/wp\/v2\/comments?post=1072"}],"version-history":[{"count":5,"href":"https:\/\/www.salinen.com\/shop\/de\/wp-json\/wp\/v2\/product\/1072\/revisions"}],"predecessor-version":[{"id":13966,"href":"https:\/\/www.salinen.com\/shop\/de\/wp-json\/wp\/v2\/product\/1072\/revisions\/13966"}],"wp:featuredmedia":[{"embeddable":true,"href":"https:\/\/www.salinen.com\/shop\/de\/wp-json\/wp\/v2\/media\/6323"}],"wp:attachment":[{"href":"https:\/\/www.salinen.com\/shop\/de\/wp-json\/wp\/v2\/media?parent=1072"}],"wp:term":[{"taxonomy":"product_cat","embeddable":true,"href":"https:\/\/www.salinen.com\/shop\/de\/wp-json\/wp\/v2\/product_cat?post=1072"},{"taxonomy":"product_tag","embeddable":true,"href":"https:\/\/www.salinen.com\/shop\/de\/wp-json\/wp\/v2\/product_tag?post=1072"}],"curies":[{"name":"wp","href":"https:\/\/api.w.org\/{rel}","templated":true}]}}